{"id":1527,"date":"2018-01-19T11:17:04","date_gmt":"2018-01-19T13:17:04","guid":{"rendered":"http:\/\/184.107.12.153\/~pospsicologia\/?page_id=1527"},"modified":"2024-02-28T10:49:40","modified_gmt":"2024-02-28T13:49:40","slug":"informacoes-do-colegiado","status":"publish","type":"page","link":"https:\/\/www.fafich.ufmg.br\/pospsicologia\/colegiado\/informacoes-do-colegiado\/","title":{"rendered":"Informa\u00e7\u00f5es do Colegiado"},"content":{"rendered":"<p>[vc_row][vc_column][vc_custom_heading text=&#8221;Colegiado do Programa de P\u00f3s Gradua\u00e7\u00e3o em Psicologia&#8221; font_container=&#8221;tag:h1|text_align:left&#8221; use_theme_fonts=&#8221;yes&#8221;][vc_empty_space height=&#8221;20px&#8221;][vc_column_text]<\/p>\n<h4>De acordo com o Regulamento do Curso,\u00a0o Colegiado \u00e9 composto por 5 (cinco) membros: o\/a coordenador\/a e o\/a subcoordenador\/a (que presidir\u00e1 o colegiado), 3 (tr\u00eas) representantes do corpo docente e a representa\u00e7\u00e3o discente, conforme o disposto no Regimento Geral da UFMG.<\/h4>\n<h4><span style=\"color: #ff0000;\">As reuni\u00f5es ordin\u00e1rias do Colegiado ocorrem na segunda segunda-feira de cada m\u00eas, dentro do semestre letivo.<\/span><\/h4>\n\n<table id=\"tablepress-5\" class=\"tablepress tablepress-id-5\">\n<thead>\n<tr class=\"row-1 odd\">\n\t<th colspan=\"3\" class=\"column-1\">Colegiado do PPG Psicologia<\/th><th class=\"column-4\"><\/th>\n<\/tr>\n<\/thead>\n<tbody class=\"row-hover\">\n<tr class=\"row-2 even\">\n\t<td class=\"column-1\"><strong>Vaga<\/strong><\/td><td class=\"column-2\"><strong>Docente<\/strong><\/td><td class=\"column-3\"><strong>Fun\u00e7\u00e3o<br \/>\n<\/strong><\/td><td class=\"column-4\"><strong> Mandato<\/strong><\/td>\n<\/tr>\n<tr class=\"row-3 odd\">\n\t<td rowspan=\"2\" class=\"column-1\">1<\/td><td class=\"column-2\">Carolyne Reis Barros<\/td><td class=\"column-3\">Coordena\u00e7\u00e3o<\/td><td class=\"column-4\">14\/07\/2025 a 13\/07\/2027<\/td>\n<\/tr>\n<tr class=\"row-4 even\">\n\t<td class=\"column-2\">Gilson de Paulo Moreira Iannini<\/td><td class=\"column-3\">Subcoordena\u00e7\u00e3o<\/td><td class=\"column-4\"><\/td>\n<\/tr>\n<tr class=\"row-5 odd\">\n\t<td rowspan=\"2\" class=\"column-1\">2<\/td><td class=\"column-2\">Laura Cristina Eiras Coelho Soares<\/td><td class=\"column-3\">Titular<\/td><td rowspan=\"2\" class=\"column-4\">23\/06\/2025 a 22\/06\/2027<\/td>\n<\/tr>\n<tr class=\"row-6 even\">\n\t<td class=\"column-2\">Lisandra Espindula Moreira<\/td><td class=\"column-3\">Suplente<\/td>\n<\/tr>\n<tr class=\"row-7 odd\">\n\t<td rowspan=\"2\" class=\"column-1\">3<\/td><td class=\"column-2\">Antonio Marcio Ribeiro Teixeira<\/td><td class=\"column-3\">Titular<\/td><td rowspan=\"2\" class=\"column-4\">23\/06\/2025 a 22\/06\/2027<\/td>\n<\/tr>\n<tr class=\"row-8 even\">\n\t<td class=\"column-2\">Pedro Teixeira Castilho<\/td><td class=\"column-3\">Suplente<\/td>\n<\/tr>\n<tr class=\"row-9 odd\">\n\t<td rowspan=\"2\" class=\"column-1\">4<\/td><td class=\"column-2\">Gustavo Henrique Carretero<\/td><td class=\"column-3\">Titular<\/td><td rowspan=\"2\" class=\"column-4\"><\/td>\n<\/tr>\n<tr class=\"row-10 even\">\n\t<td class=\"column-2\">Paulo Eduardo Alves Rodrigures Evangelista<\/td><td class=\"column-3\">Suplente<\/td>\n<\/tr>\n<tr class=\"row-11 odd\">\n\t<td colspan=\"3\" class=\"column-1\"><strong>Representa\u00e7\u00e3o Discente<\/strong><\/td><td class=\"column-4\"><\/td>\n<\/tr>\n<tr class=\"row-12 even\">\n\t<td class=\"column-1\"><strong>Vaga<\/strong><br \/>\n<\/td><td class=\"column-2\"><strong>Discente<\/strong><\/td><td class=\"column-3\"><strong>Fun\u00e7\u00e3o<\/strong><\/td><td class=\"column-4\"><\/td>\n<\/tr>\n<tr class=\"row-13 odd\">\n\t<td rowspan=\"2\" class=\"column-1\">5<\/td><td class=\"column-2\">Ruth Almeida Correia<\/td><td class=\"column-3\">Titular<\/td><td rowspan=\"2\" class=\"column-4\">01\/03\/2026 a 01\/03\/2027<\/td>\n<\/tr>\n<tr class=\"row-14 even\">\n\t<td class=\"column-2\">Linnikar Gl\u00f3ria de Castro Lima<\/td><td class=\"column-3\">Suplente<\/td>\n<\/tr>\n<\/tbody>\n<\/table>\n\n","protected":false},"excerpt":{"rendered":"<p>[vc_row][vc_column][vc_custom_heading text=&#8221;Colegiado do Programa de P\u00f3s Gradua\u00e7\u00e3o em Psicologia&#8221; font_container=&#8221;tag:h1|text_align:left&#8221; use_theme_fonts=&#8221;yes&#8221;][vc_empty_space height=&#8221;20px&#8221;][vc_column_text] De acordo com o Regulamento do Curso,\u00a0o Colegiado \u00e9 composto por 5 (cinco) membros: o\/a coordenador\/a e o\/a subcoordenador\/a (que presidir\u00e1 o colegiado), 3 (tr\u00eas) representantes do corpo docente e a representa\u00e7\u00e3o discente, conforme o disposto no Regimento Geral da UFMG. As reuni\u00f5es<\/p>\n","protected":false},"author":1,"featured_media":0,"parent":1525,"menu_order":0,"comment_status":"closed","ping_status":"closed","template":"","meta":{"footnotes":""},"_links":{"self":[{"href":"https:\/\/www.fafich.ufmg.br\/pospsicologia\/wp-json\/wp\/v2\/pages\/1527"}],"collection":[{"href":"https:\/\/www.fafich.ufmg.br\/pospsicologia\/wp-json\/wp\/v2\/pages"}],"about":[{"href":"https:\/\/www.fafich.ufmg.br\/pospsicologia\/wp-json\/wp\/v2\/types\/page"}],"author":[{"embeddable":true,"href":"https:\/\/www.fafich.ufmg.br\/pospsicologia\/wp-json\/wp\/v2\/users\/1"}],"replies":[{"embeddable":true,"href":"https:\/\/www.fafich.ufmg.br\/pospsicologia\/wp-json\/wp\/v2\/comments?post=1527"}],"version-history":[{"count":46,"href":"https:\/\/www.fafich.ufmg.br\/pospsicologia\/wp-json\/wp\/v2\/pages\/1527\/revisions"}],"predecessor-version":[{"id":4712,"href":"https:\/\/www.fafich.ufmg.br\/pospsicologia\/wp-json\/wp\/v2\/pages\/1527\/revisions\/4712"}],"up":[{"embeddable":true,"href":"https:\/\/www.fafich.ufmg.br\/pospsicologia\/wp-json\/wp\/v2\/pages\/1525"}],"wp:attachment":[{"href":"https:\/\/www.fafich.ufmg.br\/pospsicologia\/wp-json\/wp\/v2\/media?parent=1527"}],"curies":[{"name":"wp","href":"https:\/\/api.w.org\/{rel}","templated":true}]}}