{"id":541,"date":"2025-03-21T15:56:12","date_gmt":"2025-03-21T18:56:12","guid":{"rendered":"https:\/\/www.fafich.ufmg.br\/relacoespublicas\/?page_id=541"},"modified":"2026-03-04T11:26:01","modified_gmt":"2026-03-04T14:26:01","slug":"oferta-de-disciplicas","status":"publish","type":"page","link":"https:\/\/www.fafich.ufmg.br\/relacoespublicas\/?page_id=541","title":{"rendered":"Ofertas de disciplinas"},"content":{"rendered":"\n<p><\/p>\n\n\n\n<p><strong>Mapa da Oferta de Disciplinas para o curso de Gradua\u00e7\u00e3o em Rela\u00e7\u00f5es P\u00fablicas por semestre letivo desde a cria\u00e7\u00e3o do Curso<\/strong><\/p>\n\n\n\n<p><a href=\"https:\/\/www.fafich.ufmg.br\/relacoespublicas\/wp-content\/uploads\/2020\/09\/QUADRO-DE-HORA%CC%81RIOS-DOS-CURSOS-DA-A%CC%81REA-DE-COMUNICAC%CC%A7A%CC%83O-SOCIAL-2016.2-FINAL-COM-SALAS.pdf\">2016\/2<\/a><\/p>\n\n\n\n<p><a href=\"https:\/\/www.fafich.ufmg.br\/relacoespublicas\/wp-content\/uploads\/2020\/09\/Hora%CC%81rio-2017.1_COM-SALAS.pdf\">2017\/1<\/a><\/p>\n\n\n\n<p><a href=\"https:\/\/www.fafich.ufmg.br\/relacoespublicas\/wp-content\/uploads\/2020\/09\/Quadro-de-hora%CC%81rios_PREVISA%CC%83O_2017_2.pdf\">2017\/2<\/a><\/p>\n\n\n\n<p><a href=\"https:\/\/www.fafich.ufmg.br\/relacoespublicas\/wp-content\/uploads\/2020\/09\/COLEGIADO_Oferta-2018.1-1-1.pdf\">2018\/1<\/a><\/p>\n\n\n\n<p><a href=\"https:\/\/www.fafich.ufmg.br\/relacoespublicas\/wp-content\/uploads\/2020\/09\/QUADRO-DE-HORA%CC%81RIOS-2018-2.pdf\">2018\/2<\/a><\/p>\n\n\n\n<p><a href=\"https:\/\/www.fafich.ufmg.br\/relacoespublicas\/wp-content\/uploads\/2020\/09\/VERSA%CC%83O-FINAL-Oferta-do-Curso-de-Relac%CC%A7o%CC%83es-Pu%CC%81blicas-2019_1.pdf\">2019\/1<\/a><\/p>\n\n\n\n<p><a href=\"https:\/\/www.fafich.ufmg.br\/relacoespublicas\/wp-content\/uploads\/2020\/09\/Oferta-Relacoes-Publicas-2019.2_QUADRO-FINAL.pdf\">2019\/2<\/a><\/p>\n\n\n\n<p><a href=\"https:\/\/www.fafich.ufmg.br\/relacoespublicas\/wp-content\/uploads\/2020\/09\/Oferta-do-Curso-de-Relac%CC%A7o%CC%83es-Pu%CC%81blicas-2020_1-PROVISORIA.pdf\">2020\/1<\/a><\/p>\n\n\n\n<p><a href=\"https:\/\/www.fafich.ufmg.br\/relacoespublicas\/wp-content\/uploads\/2021\/06\/Curso-de-RP-_-2020_2-_.pdf\">2020\/2<\/a><\/p>\n\n\n\n<p><a href=\"https:\/\/www.fafich.ufmg.br\/relacoespublicas\/wp-content\/uploads\/2021\/06\/Curso-de-RP-_-2021_1-_-vfinal-.pdf\">2021\/1<\/a><\/p>\n\n\n\n<p><a href=\"https:\/\/www.fafich.ufmg.br\/relacoespublicas\/wp-content\/uploads\/2022\/04\/2021.2-1.pdf\">2021\/2<\/a><\/p>\n\n\n\n<p><a href=\"https:\/\/www.fafich.ufmg.br\/relacoespublicas\/wp-content\/uploads\/2022\/04\/2022.1-1.pdf\">2022\/1<\/a><\/p>\n\n\n\n<p><a href=\"https:\/\/www.fafich.ufmg.br\/relacoespublicas\/wp-content\/uploads\/2023\/11\/Oferta-Curso-RP-2022_2-Pa%CC%81gina1-2.pdf\">2022\/2<\/a><\/p>\n\n\n\n<p><a href=\"https:\/\/www.fafich.ufmg.br\/relacoespublicas\/wp-content\/uploads\/2023\/11\/Mapa-de-Salas-_-Curso-RP-_-2023_1-Pa%CC%81gina1-1.pdf\">2023\/1<\/a><\/p>\n\n\n\n<p><a href=\"https:\/\/www.fafich.ufmg.br\/relacoespublicas\/wp-content\/uploads\/2023\/11\/Oferta-Curso-RP-2023_2-Pa%CC%81gina1-2.pdf\">2023\/2<\/a><\/p>\n\n\n\n<p><a href=\"https:\/\/www.fafich.ufmg.br\/relacoespublicas\/wp-content\/uploads\/2020\/09\/Oferta_-Curso-de-RP-_-2024_1-versao-final_com-salas-Planilhas-Google.pdf\">2024\/1<\/a><\/p>\n\n\n\n<p><a href=\"https:\/\/drive.google.com\/file\/d\/1EMbOBojUiw-Xp02PDV0kcNEwl3jvjEpq\/view?usp=drive_link\">2024\/2<\/a><\/p>\n\n\n\n<p><a href=\"https:\/\/drive.google.com\/file\/d\/1M6Gw_P3HxjHohjttdfgFZQ1antvoOhPC\/view?usp=sharing\">2025\/1<\/a><\/p>\n\n\n\n<p><a href=\"https:\/\/www.fafich.ufmg.br\/relacoespublicas\/wp-content\/uploads\/2025\/07\/Oferta-RP-2025-2.pdf\">2025\/2<\/a><\/p>\n\n\n\n<p><a href=\"https:\/\/drive.google.com\/file\/d\/1V_IFlvYDD9i_iOO9Be-4l3tFxBRJzs_S\/view?usp=sharing\">2026\/1<\/a><\/p>\n\n\n\n<p><\/p>\n","protected":false},"excerpt":{"rendered":"<p>Mapa da Oferta de Disciplinas para o curso de Gradua\u00e7\u00e3o em Rela\u00e7\u00f5es P\u00fablicas por semestre letivo desde a cria\u00e7\u00e3o do Curso 2016\/2 2017\/1 2017\/2 2018\/1 2018\/2 2019\/1 2019\/2 2020\/1 2020\/2 2021\/1 2021\/2 2022\/1 2022\/2 2023\/1 2023\/2 2024\/1 2024\/2 2025\/1 2025\/2 2026\/1<\/p>\n","protected":false},"author":2,"featured_media":0,"parent":0,"menu_order":0,"comment_status":"closed","ping_status":"closed","template":"","meta":{"_acf_changed":false,"footnotes":""},"class_list":["post-541","page","type-page","status-publish","hentry"],"acf":[],"_links":{"self":[{"href":"https:\/\/www.fafich.ufmg.br\/relacoespublicas\/index.php?rest_route=\/wp\/v2\/pages\/541"}],"collection":[{"href":"https:\/\/www.fafich.ufmg.br\/relacoespublicas\/index.php?rest_route=\/wp\/v2\/pages"}],"about":[{"href":"https:\/\/www.fafich.ufmg.br\/relacoespublicas\/index.php?rest_route=\/wp\/v2\/types\/page"}],"author":[{"embeddable":true,"href":"https:\/\/www.fafich.ufmg.br\/relacoespublicas\/index.php?rest_route=\/wp\/v2\/users\/2"}],"replies":[{"embeddable":true,"href":"https:\/\/www.fafich.ufmg.br\/relacoespublicas\/index.php?rest_route=%2Fwp%2Fv2%2Fcomments&post=541"}],"version-history":[{"count":5,"href":"https:\/\/www.fafich.ufmg.br\/relacoespublicas\/index.php?rest_route=\/wp\/v2\/pages\/541\/revisions"}],"predecessor-version":[{"id":1069,"href":"https:\/\/www.fafich.ufmg.br\/relacoespublicas\/index.php?rest_route=\/wp\/v2\/pages\/541\/revisions\/1069"}],"wp:attachment":[{"href":"https:\/\/www.fafich.ufmg.br\/relacoespublicas\/index.php?rest_route=%2Fwp%2Fv2%2Fmedia&parent=541"}],"curies":[{"name":"wp","href":"https:\/\/api.w.org\/{rel}","templated":true}]}}