{"id":753,"date":"2024-03-04T13:47:56","date_gmt":"2024-03-04T16:47:56","guid":{"rendered":"http:\/\/www.fafich.ufmg.br\/socioambientais\/?page_id=753"},"modified":"2024-03-04T13:47:56","modified_gmt":"2024-03-04T16:47:56","slug":"depoimentos","status":"publish","type":"page","link":"https:\/\/www.fafich.ufmg.br\/socioambientais\/depoimentos\/","title":{"rendered":"Depoimentos"},"content":{"rendered":"\n<p>Visualize as manifesta\u00e7\u00f5es de egressos de suas experi\u00eancias ao fim da gradua\u00e7\u00e3o<\/p>\n\n\n\n<figure class=\"wp-block-embed-youtube wp-block-embed is-type-video is-provider-youtube wp-embed-aspect-16-9 wp-has-aspect-ratio\"><div class=\"wp-block-embed__wrapper\">\n<iframe title=\"Ci\u00eancias Socioambientais: di\u00e1logos sobre a carreira profissional\" width=\"525\" height=\"295\" src=\"https:\/\/www.youtube.com\/embed\/VH5rMfQQD_0?feature=oembed\" frameborder=\"0\" allow=\"accelerometer; autoplay; clipboard-write; encrypted-media; gyroscope; picture-in-picture; web-share\" allowfullscreen><\/iframe>\n<\/div><\/figure>\n\n\n\n<!--nextpage-->\n\n\n\n<p>Visualize as manifesta\u00e7\u00f5es de egressos de suas experi\u00eancias ao fim da gradua\u00e7\u00e3o<\/p>\n\n\n\n<iframe width=\"560\" height=\"315\" src=\"https:\/\/www.youtube.com\/embed\/FCDPYFqb-GM?si=8Z9GPw5EqdEEvoA6\" title=\"YouTube video player\" frameborder=\"0\" allow=\"accelerometer; autoplay; clipboard-write; encrypted-media; gyroscope; picture-in-picture; web-share\" allowfullscreen=\"\"><\/iframe>\n\n\n\n<!--nextpage-->\n\n\n\n<p>Visualize as manifesta\u00e7\u00f5es de egressos de suas experi\u00eancias ao fim da gradua\u00e7\u00e3o<\/p>\n\n\n\n<iframe width=\"560\" height=\"315\" src=\"https:\/\/www.youtube.com\/embed\/O2L4q7NGu1E?si=1x4uC5GbmT8mUcsw\" title=\"YouTube video player\" frameborder=\"0\" allow=\"accelerometer; autoplay; clipboard-write; encrypted-media; gyroscope; picture-in-picture; web-share\" allowfullscreen=\"\"><\/iframe>\n\n\n\n<!--nextpage-->\n\n\n\n<p>Visualize as manifesta\u00e7\u00f5es de egressos de suas experi\u00eancias ao fim da gradua\u00e7\u00e3o<\/p>\n\n\n\n<iframe width=\"560\" height=\"315\" src=\"https:\/\/www.youtube.com\/embed\/qjCa4Ly_30w?si=KFGABFpEuoiFOMM-\" title=\"YouTube video player\" frameborder=\"0\" allow=\"accelerometer; autoplay; clipboard-write; encrypted-media; gyroscope; picture-in-picture; web-share\" allowfullscreen=\"\"><\/iframe>\n","protected":false},"excerpt":{"rendered":"<p>Visualize as manifesta\u00e7\u00f5es de egressos de suas experi\u00eancias ao fim da gradua\u00e7\u00e3o<\/p>\n","protected":false},"author":1,"featured_media":0,"parent":0,"menu_order":0,"comment_status":"closed","ping_status":"closed","template":"","meta":[],"_links":{"self":[{"href":"https:\/\/www.fafich.ufmg.br\/socioambientais\/wp-json\/wp\/v2\/pages\/753"}],"collection":[{"href":"https:\/\/www.fafich.ufmg.br\/socioambientais\/wp-json\/wp\/v2\/pages"}],"about":[{"href":"https:\/\/www.fafich.ufmg.br\/socioambientais\/wp-json\/wp\/v2\/types\/page"}],"author":[{"embeddable":true,"href":"https:\/\/www.fafich.ufmg.br\/socioambientais\/wp-json\/wp\/v2\/users\/1"}],"replies":[{"embeddable":true,"href":"https:\/\/www.fafich.ufmg.br\/socioambientais\/wp-json\/wp\/v2\/comments?post=753"}],"version-history":[{"count":10,"href":"https:\/\/www.fafich.ufmg.br\/socioambientais\/wp-json\/wp\/v2\/pages\/753\/revisions"}],"predecessor-version":[{"id":932,"href":"https:\/\/www.fafich.ufmg.br\/socioambientais\/wp-json\/wp\/v2\/pages\/753\/revisions\/932"}],"wp:attachment":[{"href":"https:\/\/www.fafich.ufmg.br\/socioambientais\/wp-json\/wp\/v2\/media?parent=753"}],"curies":[{"name":"wp","href":"https:\/\/api.w.org\/{rel}","templated":true}]}}